{"id":735,"date":"2023-09-13T21:50:56","date_gmt":"2023-09-13T19:50:56","guid":{"rendered":"http:\/\/francois-jonquieres-voix-off.com\/?page_id=735"},"modified":"2023-09-15T03:21:30","modified_gmt":"2023-09-15T01:21:30","slug":"qui-suis-je-2","status":"publish","type":"page","link":"http:\/\/francois-jonquieres-voix-off.com\/?page_id=735","title":{"rendered":"Qui suis-je ?"},"content":{"rendered":"\n<div class=\"wp-block-media-text alignwide is-stacked-on-mobile\" style=\"grid-template-columns:30% auto\"><figure class=\"wp-block-media-text__media\"><img loading=\"lazy\" decoding=\"async\" width=\"1024\" height=\"630\" src=\"http:\/\/francois-jonquieres-voix-off.com\/wp-content\/uploads\/2023\/09\/Gamin-tv-1024x630.jpg\" alt=\"\" class=\"wp-image-811 size-full\" srcset=\"http:\/\/francois-jonquieres-voix-off.com\/wp-content\/uploads\/2023\/09\/Gamin-tv-1024x630.jpg 1024w, http:\/\/francois-jonquieres-voix-off.com\/wp-content\/uploads\/2023\/09\/Gamin-tv-300x185.jpg 300w, http:\/\/francois-jonquieres-voix-off.com\/wp-content\/uploads\/2023\/09\/Gamin-tv-768x473.jpg 768w, http:\/\/francois-jonquieres-voix-off.com\/wp-content\/uploads\/2023\/09\/Gamin-tv-1536x945.jpg 1536w, http:\/\/francois-jonquieres-voix-off.com\/wp-content\/uploads\/2023\/09\/Gamin-tv-2048x1260.jpg 2048w\" sizes=\"(max-width: 1024px) 100vw, 1024px\" \/><\/figure><div class=\"wp-block-media-text__content\">\n<p style=\"font-size:24px\">Gamin, je superposais ma voix aux images et personnages qui d\u00e9filaient sur le petit \u00e9cran ; dessins anim\u00e9s, documentaires, fictions ou publicit\u00e9s. D\u00e9j\u00e0, je faisais du <a rel=\"noreferrer noopener\" href=\"https:\/\/fr.wikipedia.org\/wiki\/Voice-over\" target=\"_blank\">voice-over<\/a>, sans le savoir. Je m&rsquo;amusais \u00e0 endosser le r\u00f4le de chaque personnage, passant de l&rsquo;un \u00e0 l&rsquo;autre en modifiant ma voix et en essayant de copier les diff\u00e9rentes  intonations. <\/p>\n<\/div><\/div>\n\n\n\n<div class=\"wp-block-media-text alignwide has-media-on-the-right is-stacked-on-mobile is-vertically-aligned-center\" style=\"grid-template-columns:auto 33%\"><figure class=\"wp-block-media-text__media\"><img loading=\"lazy\" decoding=\"async\" width=\"1024\" height=\"683\" src=\"http:\/\/francois-jonquieres-voix-off.com\/wp-content\/uploads\/2023\/09\/Telefunken-1024x683.png\" alt=\"\" class=\"wp-image-726 size-full\" srcset=\"http:\/\/francois-jonquieres-voix-off.com\/wp-content\/uploads\/2023\/09\/Telefunken-1024x683.png 1024w, http:\/\/francois-jonquieres-voix-off.com\/wp-content\/uploads\/2023\/09\/Telefunken-300x200.png 300w, http:\/\/francois-jonquieres-voix-off.com\/wp-content\/uploads\/2023\/09\/Telefunken-768x512.png 768w, http:\/\/francois-jonquieres-voix-off.com\/wp-content\/uploads\/2023\/09\/Telefunken-420x280.png 420w, http:\/\/francois-jonquieres-voix-off.com\/wp-content\/uploads\/2023\/09\/Telefunken-385x257.png 385w, http:\/\/francois-jonquieres-voix-off.com\/wp-content\/uploads\/2023\/09\/Telefunken.png 1080w\" sizes=\"(max-width: 1024px) 100vw, 1024px\" \/><\/figure><div class=\"wp-block-media-text__content\">\n<p style=\"font-size:24px\">Lyc\u00e9en fl\u00e2neur, un soir je croise la route d\u2019un magn\u00e9tophone \u00e0 bande, abandonn\u00e9 l\u00e0, sur le trottoir. Ce sera le d\u00e9but d\u2019une longue liaison sonore. J\u2019use mes premi\u00e8res bobines \u00e0 enregistrer des titres sur Inter (la seule radio autoris\u00e9e \u00e0 la maison) diffus\u00e9s par Bernard Lenoir dans <em>Feedback<\/em>, Patrice Blanc-Francard ou encore Jean-Louis Foulquier. Je passe du Grundig au Telefunken pour arriver enfin aux possibilit\u00e9s r\u00eav\u00e9es du montage sur <strong>Revox B77<\/strong>, le graal ! Sauf que maintenant, il va falloir \u00e9conomiser pour me payer des bandes de qualit\u00e9 digne de cette machine.<\/p>\n<\/div><\/div>\n\n\n\n<div class=\"wp-block-group\"><div class=\"wp-block-group__inner-container is-layout-flow wp-block-group-is-layout-flow\">\n<div class=\"wp-block-media-text alignwide is-stacked-on-mobile is-vertically-aligned-center\" style=\"grid-template-columns:30% auto\"><figure class=\"wp-block-media-text__media\"><img loading=\"lazy\" decoding=\"async\" width=\"2560\" height=\"2407\" src=\"http:\/\/francois-jonquieres-voix-off.com\/wp-content\/uploads\/2023\/09\/duo1-copie-scaled.jpeg\" alt=\"\" class=\"wp-image-742 size-full\" srcset=\"http:\/\/francois-jonquieres-voix-off.com\/wp-content\/uploads\/2023\/09\/duo1-copie-scaled.jpeg 2560w, http:\/\/francois-jonquieres-voix-off.com\/wp-content\/uploads\/2023\/09\/duo1-copie-300x282.jpeg 300w, http:\/\/francois-jonquieres-voix-off.com\/wp-content\/uploads\/2023\/09\/duo1-copie-1024x963.jpeg 1024w, http:\/\/francois-jonquieres-voix-off.com\/wp-content\/uploads\/2023\/09\/duo1-copie-768x722.jpeg 768w, http:\/\/francois-jonquieres-voix-off.com\/wp-content\/uploads\/2023\/09\/duo1-copie-1536x1444.jpeg 1536w, http:\/\/francois-jonquieres-voix-off.com\/wp-content\/uploads\/2023\/09\/duo1-copie-2048x1926.jpeg 2048w\" sizes=\"(max-width: 2560px) 100vw, 2560px\" \/><\/figure><div class=\"wp-block-media-text__content\">\n<p style=\"font-size:24px\">Touche-\u00e0-tout, je collabore \u00e0 quelques projets musicaux comme bassiste et choriste, j&rsquo;int\u00e8gre une chorale, je m&rsquo;\u00e9quipe d&rsquo;un magn\u00e9to TEAC 4 pistes sur K7 (une fortune \u00e0 l&rsquo;\u00e9poque !) sur lequel j&rsquo;enregistre mes compos et celles des copains. Je profite de la lib\u00e9ration des ondes FM pour int\u00e9grer les premi\u00e8res radios <em>libres<\/em> parisiennes ; on y cr\u00e9e des jingles, des g\u00e9n\u00e9riques, on enregistre de tout, avides de cr\u00e9ations sonores. On y monte aussi des ateliers et th\u00e9\u00e2tres radiophoniques, tout \u00e7a dans un joyeux foutoir ! Et en ind\u00e9pendant, <strong>je r\u00e9alise mon premier spot voix off \/ musique pour la recherche sur le diab\u00e8te.<\/strong><\/p>\n<\/div><\/div>\n<\/div><\/div>\n\n\n\n<div class=\"wp-block-media-text alignwide has-media-on-the-right is-stacked-on-mobile\" style=\"grid-template-columns:auto 28%\"><figure class=\"wp-block-media-text__media\"><img loading=\"lazy\" decoding=\"async\" width=\"1024\" height=\"781\" src=\"http:\/\/francois-jonquieres-voix-off.com\/wp-content\/uploads\/2023\/09\/15.30-1-1024x781.jpg\" alt=\"\" class=\"wp-image-744 size-full\" srcset=\"http:\/\/francois-jonquieres-voix-off.com\/wp-content\/uploads\/2023\/09\/15.30-1-1024x781.jpg 1024w, http:\/\/francois-jonquieres-voix-off.com\/wp-content\/uploads\/2023\/09\/15.30-1-300x229.jpg 300w, http:\/\/francois-jonquieres-voix-off.com\/wp-content\/uploads\/2023\/09\/15.30-1-768x586.jpg 768w, http:\/\/francois-jonquieres-voix-off.com\/wp-content\/uploads\/2023\/09\/15.30-1-90x68.jpg 90w, http:\/\/francois-jonquieres-voix-off.com\/wp-content\/uploads\/2023\/09\/15.30-1.jpg 1298w\" sizes=\"(max-width: 1024px) 100vw, 1024px\" \/><\/figure><div class=\"wp-block-media-text__content\">\n<p style=\"font-size:24px\">Fin des ann\u00e9es &rsquo;80, j&rsquo;entre au studio <strong>15.30<\/strong> productions, \u00e0 Paris, comme assistant puis ing\u00e9nieur du son. Console <a rel=\"noreferrer noopener\" href=\"http:\/\/www.lafontaudio.com\/consoles.htm\" target=\"_blank\">Lafont<\/a> Producer et 24 pistes <a rel=\"noreferrer noopener\" href=\"https:\/\/www.tecawards.org\/node\/213\" target=\"_blank\">Otari<\/a>. Pour les grandes enseignes, on y produisait des musiques et messages publicitaires, ainsi que des \u00e9missions de radio pr\u00eates \u00e0 diffuser. Des milliers de kilom\u00e8tres de bande magn\u00e9tique. Mon oreille a \u00e9t\u00e9 marqu\u00e9e par les <strong>voix<\/strong> stars telles que <a rel=\"noreferrer noopener\" href=\"https:\/\/www.rsdoublage.com\/comedien-389-Benoit-Allemane.html\" target=\"_blank\">Beno<\/a><a href=\"https:\/\/www.rsdoublage.com\/comedien-389-Benoit-Allemane.html\" target=\"_blank\" rel=\"noreferrer noopener\">\u00ee<\/a><a rel=\"noreferrer noopener\" href=\"https:\/\/www.rsdoublage.com\/comedien-389-Benoit-Allemane.html\" target=\"_blank\">t Allemane<\/a>, Julie Bataille, Alain Dorval, Michel \u00c9lias, Marion Game&#8230; \u00e9galement par les compositeurs et musiciens de studio de cette \u00e9poque riche de cr\u00e9ativit\u00e9.<\/p>\n<\/div><\/div>\n\n\n\n<div class=\"wp-block-media-text alignwide is-stacked-on-mobile\" style=\"grid-template-columns:33% auto\"><figure class=\"wp-block-media-text__media\"><img loading=\"lazy\" decoding=\"async\" width=\"1024\" height=\"678\" src=\"http:\/\/francois-jonquieres-voix-off.com\/wp-content\/uploads\/2023\/09\/sky-868659_1280-1024x678.jpg\" alt=\"\" class=\"wp-image-756 size-full\" srcset=\"http:\/\/francois-jonquieres-voix-off.com\/wp-content\/uploads\/2023\/09\/sky-868659_1280-1024x678.jpg 1024w, http:\/\/francois-jonquieres-voix-off.com\/wp-content\/uploads\/2023\/09\/sky-868659_1280-300x199.jpg 300w, http:\/\/francois-jonquieres-voix-off.com\/wp-content\/uploads\/2023\/09\/sky-868659_1280-768x508.jpg 768w, http:\/\/francois-jonquieres-voix-off.com\/wp-content\/uploads\/2023\/09\/sky-868659_1280.jpg 1280w\" sizes=\"(max-width: 1024px) 100vw, 1024px\" \/><\/figure><div class=\"wp-block-media-text__content\">\n<p style=\"font-size:24px\">Dans les ann\u00e9es &rsquo;90 et avec l&rsquo;apparition du num\u00e9rique, je continue ma route sonore dans le spectacle vivant, avec de nombreux artistes internationaux, tels que <a rel=\"noreferrer noopener\" href=\"https:\/\/fr.wikipedia.org\/wiki\/Johnny_Clegg\" target=\"_blank\">Johnny Clegg<\/a>, <a rel=\"noreferrer noopener\" href=\"https:\/\/fr.wikipedia.org\/wiki\/Ces\u00e1ria_\u00c9vora\" target=\"_blank\">Ces\u00e1ria \u00c9vora<\/a> ou <a rel=\"noreferrer noopener\" href=\"https:\/\/fr.wikipedia.org\/wiki\/Hadouk\" target=\"_blank\">Hadouk<\/a>. Au gr\u00e9 des concerts, cette activit\u00e9 de mixeur-globe-trotteur me transporte de Vancouver \u00e0 Ad\u00e9laide, en passant par Reykjavik, Tokyo, Essaouira, Buenos Aires, Johannesburg, Los Angeles (pour faire court)&#8230; oui, mon bilan carbone n&rsquo;est pas des plus l\u00e9gers !<\/p>\n<\/div><\/div>\n\n\n\n<div class=\"wp-block-media-text alignwide has-media-on-the-right is-stacked-on-mobile\" style=\"grid-template-columns:auto 15%\"><figure class=\"wp-block-media-text__media\"><img loading=\"lazy\" decoding=\"async\" width=\"264\" height=\"377\" src=\"http:\/\/francois-jonquieres-voix-off.com\/wp-content\/uploads\/2023\/09\/U67-copie.png\" alt=\"\" class=\"wp-image-775 size-full\" srcset=\"http:\/\/francois-jonquieres-voix-off.com\/wp-content\/uploads\/2023\/09\/U67-copie.png 264w, http:\/\/francois-jonquieres-voix-off.com\/wp-content\/uploads\/2023\/09\/U67-copie-210x300.png 210w\" sizes=\"(max-width: 264px) 100vw, 264px\" \/><\/figure><div class=\"wp-block-media-text__content\">\n<p style=\"font-size:24px\">Et la voix, on oubli ? Pas du tout ! Je suis la formation <em>Le com\u00e9dien au micro<\/em> \u00e0 l&rsquo;INA (Institut National de l&rsquo;Audiovisuel). Je prends des cours de <strong>th\u00e9\u00e2tre<\/strong>, de clown et de <strong>placement de la voix<\/strong>, je reprends le chant en chorale. Pour le <a rel=\"noreferrer noopener\" href=\"https:\/\/www.francevoixoff.com\/les-avantages-du-voice-acting-comment-le-talent-de-voix-off-peut-etre-utilise-dans-d-autres-domaines-tels-que-les-jeux-video-et-les-applications-chatgpt\" target=\"_blank\"><em>voice acting<\/em><\/a>, je me forme au <strong>doublage<\/strong> avec <a rel=\"noreferrer noopener\" href=\"https:\/\/www.rsdoublage.com\/comedien-221-Schumacher-Agathe.html\" target=\"_blank\">Agathe Schumasher<\/a>, <a rel=\"noreferrer noopener\" href=\"https:\/\/www.rsdoublage.com\/directeur-artistique-456-Juliette-Degenne.html\" target=\"_blank\">Juliette Degenne<\/a> et <a rel=\"noreferrer noopener\" href=\"https:\/\/www.rsdoublage.com\/comedien-196-Peythieu-Philippe.html\" target=\"_blank\">Philippe Peythieu<\/a>.<\/p>\n<\/div><\/div>\n\n\n\n<div class=\"wp-block-media-text alignwide is-stacked-on-mobile\" style=\"grid-template-columns:33% auto\"><figure class=\"wp-block-media-text__media\"><img loading=\"lazy\" decoding=\"async\" width=\"1024\" height=\"728\" src=\"http:\/\/francois-jonquieres-voix-off.com\/wp-content\/uploads\/2023\/09\/Sound-design-copie-1024x728.jpg\" alt=\"\" class=\"wp-image-799 size-full\" srcset=\"http:\/\/francois-jonquieres-voix-off.com\/wp-content\/uploads\/2023\/09\/Sound-design-copie-1024x728.jpg 1024w, http:\/\/francois-jonquieres-voix-off.com\/wp-content\/uploads\/2023\/09\/Sound-design-copie-300x213.jpg 300w, http:\/\/francois-jonquieres-voix-off.com\/wp-content\/uploads\/2023\/09\/Sound-design-copie-768x546.jpg 768w, http:\/\/francois-jonquieres-voix-off.com\/wp-content\/uploads\/2023\/09\/Sound-design-copie-1536x1091.jpg 1536w, http:\/\/francois-jonquieres-voix-off.com\/wp-content\/uploads\/2023\/09\/Sound-design-copie.jpg 1765w\" sizes=\"(max-width: 1024px) 100vw, 1024px\" \/><\/figure><div class=\"wp-block-media-text__content\">\n<p style=\"font-size:24px\">En parall\u00e8le, je continue mes activit\u00e9s sonores. Je mixe des projets musicaux, des films informatifs ou p\u00e9dagogiques, j\u2019enregistre, je corrige, je monte, j\u2019illustre, je tapisse, je bruite, je sonorise, je masterise.<\/p>\n<\/div><\/div>\n\n\n\n<p class=\"has-text-align-center\" style=\"font-size:24px\">En conclusion&#8230; <\/p>\n\n\n\n<p style=\"font-size:24px\">Mais, pourquoi une conclusion ? Le language, la voix, qu&rsquo;elle soit parl\u00e9e ou chant\u00e9e reste et sera toujours LE facteur de transmission essentiel \u00e0 l&rsquo;humanit\u00e9. <\/p>\n\n\n\n<p class=\"has-text-align-center\" style=\"font-size:24px\">\u00c0 bient\u00f4t ?<\/p>\n","protected":false},"excerpt":{"rendered":"<p>Gamin, je superposais ma voix aux images et personnages qui d\u00e9filaient sur le petit \u00e9cran ; dessins anim\u00e9s, documentaires, fictions ou publicit\u00e9s. D\u00e9j\u00e0, je faisais du voice-over, sans le savoir. Je m&rsquo;amusais \u00e0 endosser le r\u00f4le de chaque personnage, passant de l&rsquo;un \u00e0 l&rsquo;autre en <span class=\"read-more\"><a class=\"more-link btn btn-transparent\" href=\"http:\/\/francois-jonquieres-voix-off.com\/?page_id=735\">Lire la suite . . .<\/a><\/span><\/p>\n","protected":false},"author":1,"featured_media":0,"parent":0,"menu_order":2,"comment_status":"closed","ping_status":"closed","template":"","meta":{"footnotes":""},"class_list":["post-735","page","type-page","status-publish","hentry"],"jetpack_sharing_enabled":true,"_links":{"self":[{"href":"http:\/\/francois-jonquieres-voix-off.com\/index.php?rest_route=\/wp\/v2\/pages\/735"}],"collection":[{"href":"http:\/\/francois-jonquieres-voix-off.com\/index.php?rest_route=\/wp\/v2\/pages"}],"about":[{"href":"http:\/\/francois-jonquieres-voix-off.com\/index.php?rest_route=\/wp\/v2\/types\/page"}],"author":[{"embeddable":true,"href":"http:\/\/francois-jonquieres-voix-off.com\/index.php?rest_route=\/wp\/v2\/users\/1"}],"replies":[{"embeddable":true,"href":"http:\/\/francois-jonquieres-voix-off.com\/index.php?rest_route=%2Fwp%2Fv2%2Fcomments&post=735"}],"version-history":[{"count":65,"href":"http:\/\/francois-jonquieres-voix-off.com\/index.php?rest_route=\/wp\/v2\/pages\/735\/revisions"}],"predecessor-version":[{"id":829,"href":"http:\/\/francois-jonquieres-voix-off.com\/index.php?rest_route=\/wp\/v2\/pages\/735\/revisions\/829"}],"wp:attachment":[{"href":"http:\/\/francois-jonquieres-voix-off.com\/index.php?rest_route=%2Fwp%2Fv2%2Fmedia&parent=735"}],"curies":[{"name":"wp","href":"https:\/\/api.w.org\/{rel}","templated":true}]}}